{"id":8554,"date":"2026-02-26T18:21:22","date_gmt":"2026-02-26T16:21:22","guid":{"rendered":"https:\/\/www.helle.fi\/tuote\/frilandsgurka-profi-f1\/"},"modified":"2026-02-26T18:21:22","modified_gmt":"2026-02-26T16:21:22","slug":"frilandsgurka-profi-f1","status":"publish","type":"product","link":"https:\/\/www.helle.fi\/sv\/tuote\/frilandsgurka-profi-f1\/","title":{"rendered":"Frilandsgurka Profi F1"},"content":{"rendered":"<p>Profi \u00e4r en mycket tidig och j\u00e4mnt avkastande \u00f6ppen gurksort!<\/p>\n<p>Frukterna \u00e4r l\u00e4tta att samla tack vare det \u00f6ppna v\u00e4xts\u00e4ttet.<\/p>\n<p>Gurkornas inre kvalitet \u00e4r utm\u00e4rkt och sorten kan anv\u00e4ndas f\u00f6r b\u00e5de f\u00e4rsk och konserverad f\u00f6rs\u00e4ljning.<\/p>\n<p>Den \u00e4r s\u00e4rskilt l\u00e4mplig f\u00f6r v\u00e4xthusodling p\u00e5 grund av sitt \u00e5terh\u00e5llsamma v\u00e4xts\u00e4tt.<\/p>\n<p>S\u00e4ljs i f\u00f6rpackningar om 100 och 1000 fr\u00f6n.<\/p>\n<p>Obehandlat fr\u00f6.<\/p>\n<p>&nbsp;<\/p>\n","protected":false},"excerpt":{"rendered":"<p>Profi \u00e4r en mycket tidig och j\u00e4mnt avkastande \u00f6ppen gurksort! Frukterna \u00e4r l\u00e4tta att samla tack vare det \u00f6ppna v\u00e4xts\u00e4ttet. Gurkornas inre kvalitet \u00e4r utm\u00e4rkt och sorten kan anv\u00e4ndas f\u00f6r b\u00e5de f\u00e4rsk och konserverad f\u00f6rs\u00e4ljning. Den \u00e4r s\u00e4rskilt l\u00e4mplig f\u00f6r v\u00e4xthusodling p\u00e5 grund av sitt \u00e5terh\u00e5llsamma v\u00e4xts\u00e4tt. S\u00e4ljs i f\u00f6rpackningar om 100 och 1000 fr\u00f6n. [&hellip;]<\/p>\n","protected":false},"featured_media":8556,"template":"","meta":{"_improvement_type_select":"improve_an_existing","_thumb_yes_seoaic":false,"_frame_yes_seoaic":false,"seoaic_generate_description":"","seoaic_improve_instructions_prompt":"","seoaic_rollback_content_improvement":"","seoaic_idea_thumbnail_generator":"","thumbnail_generated":false,"thumbnail_generate_prompt":"","seoaic_article_description":""},"product_brand":[],"product_cat":[1447,1445,1446],"product_tag":[1451,1448,1449,1450],"class_list":{"0":"post-8554","1":"product","2":"type-product","3":"status-publish","4":"has-post-thumbnail","6":"product_cat-oppna-gurka","7":"product_cat-fron-och-plantor","8":"product_cat-oppna-gronsaker","9":"product_tag-enhetlig-nar-det-galler-avkastning","10":"product_tag-oppen-kran","11":"product_tag-professionell","12":"product_tag-tidig-sort","14":"first","15":"outofstock","16":"taxable","17":"shipping-taxable","18":"purchasable","19":"product-type-variable"},"_links":{"self":[{"href":"https:\/\/www.helle.fi\/sv\/wp-json\/wp\/v2\/product\/8554","targetHints":{"allow":["GET"]}}],"collection":[{"href":"https:\/\/www.helle.fi\/sv\/wp-json\/wp\/v2\/product"}],"about":[{"href":"https:\/\/www.helle.fi\/sv\/wp-json\/wp\/v2\/types\/product"}],"wp:featuredmedia":[{"embeddable":true,"href":"https:\/\/www.helle.fi\/sv\/wp-json\/wp\/v2\/media\/8556"}],"wp:attachment":[{"href":"https:\/\/www.helle.fi\/sv\/wp-json\/wp\/v2\/media?parent=8554"}],"wp:term":[{"taxonomy":"product_brand","embeddable":true,"href":"https:\/\/www.helle.fi\/sv\/wp-json\/wp\/v2\/product_brand?post=8554"},{"taxonomy":"product_cat","embeddable":true,"href":"https:\/\/www.helle.fi\/sv\/wp-json\/wp\/v2\/product_cat?post=8554"},{"taxonomy":"product_tag","embeddable":true,"href":"https:\/\/www.helle.fi\/sv\/wp-json\/wp\/v2\/product_tag?post=8554"}],"curies":[{"name":"wp","href":"https:\/\/api.w.org\/{rel}","templated":true}]}}